{"version":"1.0","provider_name":"Hyperpolisz? Szevasz! Ir\u00e1ny vissza a gy\u00f6kerekhez!","provider_url":"https:\/\/megyerkert.cafeblog.hu","author_name":"Megyerkert","author_url":"https:\/\/megyerkert.cafeblog.hu\/author\/megyerkert\/","title":"\u00daj \u00e9v, \u00faj\u00e9v, m\u00falt \u00e9v, \u00f3\u00e9v, oh yeah","html":"[caption id=\"attachment_146\" align=\"alignleft\" width=\"237\"]<a href=\"https:\/\/megyerkert.cafeblog.hu\/files\/2014\/01\/The_Magic_Path_by_AquaSixio.jpg\"><img class=\" wp-image-146\" alt=\"The_Magic_Path_by_AquaSixio\" src=\"https:\/\/megyerkert.cafeblog.hu\/files\/2014\/01\/The_Magic_Path_by_AquaSixio-338x600.jpg\" width=\"237\" height=\"420\" \/><\/a> http:\/\/aquasixio.deviantart.com\/art\/The-Magic-Path-9140570[\/caption]\r\n<p style=\"text-align: justify\">Belegondoltatok m\u00e1r abba, hogy mennyire \u00f6sszetett \u00e9s ugyanakkor mennyire semmilyen egy \u00e9vfordul\u00f3? Mondjuk mit\u0151l (lenne) k\u00fcl\u00f6nleges? Mi tessz\u00fck azz\u00e1, vagy am\u00fagy is az? A homok\u00f3ra minden szeme egyforma, ugyan\u00fagy, ahogy egyform\u00e1k a napt\u00e1r szerinti napok kedd \/ szerda \/ cs\u00fct\u00f6rt\u00f6k, melyek egym\u00e1st k\u00f6vetik. Az id\u0151 halad, pereg, mi pedig \u00f6r\u00f6k t\u00e1rsk\u00e9nt megy\u00fcnk vele, ha akarunk, ha nem. N\u00e9ha szeretn\u00e9nk kiszakadni ebb\u0151l a csod\u00e1latos utaz\u00e1sb\u00f3l \u00e9s csak id\u0151tlen\u00fcl lenni, meg\u00e1llni, mint ahogy v\u00e1rjuk a vonatot egy kis vid\u00e9ki vas\u00fati meg\u00e1ll\u00f3ban.<\/p>\r\n<p style=\"text-align: justify\">Ha \u00edgy n\u00e9zz\u00fck, az \u00e9vfordul\u00f3 sem m\u0171k\u00f6dik m\u00e1sk\u00e9pp. Az a nap is ugyan\u00fagy telik el, ahogy az el\u0151tte \u00e9s ut\u00e1na l\u00e9v\u0151. \u00c9szre sem venn\u00e9nk, ha nem ruh\u00e1zn\u00e1nk fel valami misztikummal valami plusz t\u00f6ltettel. Mi\u00e9rt tessz\u00fck ezt, vagy mi\u00e9rt pont ekkor tessz\u00fck? Mi\u00e9rt fogadkozunk bele a vil\u00e1gba pont ezen a napon kil\u0151ve magunkb\u00f3l verb\u00e1lisan a teremt\u00e9s magjait? \u00c9s egy\u00e1ltal\u00e1n minek? Mi \u00e9rtelme van ennek a mai vil\u00e1gban, pont ezen a napon? Semmi. Kb. semmi. Rohanunk az id\u0151vel el\u0151tte, akkor \u00e9s ut\u00e1na. Tal\u00e1n egy pillanatra \u00e1llunk meg m\u0171mosollyal koccintani, esetenk\u00e9nt v\u00e9gb\u00e9lb\u0151l ord\u00edtva, hogy BU\u00c1\u00c1JJ\u00c9\u00c9KKKK khmmm \u00f6rggh \u2026.. \u201emeghallgatva\u201d, de semmik\u00e9pp sem meghallva a himnuszt. Sem a pillanatnak, sem a himnuszunknak nem \u00e9lj\u00fck m\u00e1r a var\u00e1zs\u00e1t, pillanat\u00e1t, szents\u00e9g\u00e9t. Rohanunk. Hogy a j\u00f3 b\u00fcd\u00f6s francba k\u00edv\u00e1nhatn\u00e1nk, fogadhatn\u00e1nk meg valamit, amikor arra sem \u00e1llunk meg, hogy v\u00e9giggondoljuk, kik vagyunk, honnan \u00e9s merre tartunk. Ilyenkor az id\u0151vel nem rohanni kell, hanem vend\u00e9g\u00fcl l\u00e1tni min\u00e1lunk. Ford\u00edtsuk magunkra, azzal hogy magunkba fordulunk picit. Teremts\u00fck meg ezzel azt a bizonyos id\u0151tlens\u00e9get, amiben csak mi vagyunk. Figyelj\u00fcnk. Figyelj\u00fck magunkat \u00e9s n\u00e9zz\u00fcnk bele abba a t\u00fck\u00f6rbe, melyet j\u00f3form\u00e1n mindig eltolunk magunkt\u00f3l. N\u00e9zz\u00fcnk bele \u00e9s n\u00e9zz\u00fck meg kik vagyunk. Ez az id\u0151szak err\u0151l sz\u00f3l. A term\u00e9szet is visszah\u00faz\u00f3dik, \u00e9s \u00faj er\u0151t gy\u0171jt, \u00edgy egy picit nek\u00fcnk is ez a feladatunk. \u00c1t\u00f6lelni magunkat \u00e9s ez\u00e1ltal a vil\u00e1got, tudatosan visszatenn\u00fcnk magunkat arra az \u00fatra, melyen elindultunk. Kit\u0171zni a m\u00e9rf\u00f6ldk\u00f6veket \u00e9s menni tov\u00e1bb. \u00d6r\u00fclni magunknak \u00e9s az utunknak \u00e9s r\u00e1\u00e9bredni arra, hogy ez a pihen\u0151, nem csak ilyenkor fontos. Id\u0151nk\u00e9nt \u00fclj\u00fcnk le a kis vid\u00e9ki vas\u00fat\u00e1llom\u00e1s padj\u00e1ra \u00e9s figyelj\u00fcnk.<\/p>\r\n<p style=\"text-align: justify\"><\/p>\r\n\r\n<h2 style=\"text-align: center\"><strong>Boldogs\u00e1got \u00e9s er\u0151t k\u00edv\u00e1nok az utatok \u00faj szakasz\u00e1hoz!<\/strong><\/h2>\r\n<p style=\"text-align: justify\"><\/p>","type":"rich"}